{"id":109,"date":"2025-01-09T07:21:24","date_gmt":"2025-01-09T07:21:24","guid":{"rendered":"https:\/\/gracethemesdemo.com\/ecolife-park\/?page_id=109"},"modified":"2025-11-04T19:15:44","modified_gmt":"2025-11-04T18:15:44","slug":"about","status":"publish","type":"page","link":"https:\/\/fondationcoeurdevie.org\/?page_id=109","title":{"rendered":"LA FONDATION COEUR DE VIE"},"content":{"rendered":"\t\t<div data-elementor-type=\"wp-page\" data-elementor-id=\"109\" class=\"elementor elementor-109\">\n\t\t\t\t<div class=\"elementor-element elementor-element-2960170 e-flex e-con-boxed e-con e-parent\" data-id=\"2960170\" data-element_type=\"container\">\n\t\t\t\t\t<div class=\"e-con-inner\">\n\t\t\t\t<div class=\"elementor-element elementor-element-4e09ec4d elementor-widget elementor-widget-text-editor\" data-id=\"4e09ec4d\" data-element_type=\"widget\" data-widget_type=\"text-editor.default\">\n\t\t\t\t\t\t\t\t\t\n<p>\u00a0<\/p>\n\n<p><em>\u00ab Ensemble, semons l\u2019espoir \u00bb<\/em><\/p>\n\n<h3 class=\"wp-block-heading\">Qui sommes-nous ?<\/h3>\n\n<p>Cr\u00e9\u00e9e en 2024, la <strong>Fondation C\u0153ur de Vie<\/strong> est n\u00e9e de la vision de son pr\u00e9sident, <strong>M. Diarra Mahamadou<\/strong>, face aux nombreuses sollicitations de personnes en situation de pr\u00e9carit\u00e9. Conscient qu\u2019il ne pouvait r\u00e9pondre seul \u00e0 ces besoins, il a sollicit\u00e9 le soutien de proches et partenaires, dont <strong>Dr. Sanogo Souleymane<\/strong>\u00a0et <strong>M. Paul Philippe Cornil<\/strong>, rencontr\u00e9s lors d\u2019une visite en France. Ensemble, ils ont d\u00e9cid\u00e9 de mettre en place une organisation structur\u00e9e pour apporter une aide durable aux plus vuln\u00e9rables.<\/p>\n\n<h3 class=\"wp-block-heading\">Notre mission<\/h3>\n\n<p>Apporter soutien et assistance aux personnes vuln\u00e9rables, en favorisant leur acc\u00e8s \u00e0 l\u2019\u00e9ducation, \u00e0 la sant\u00e9, et \u00e0 une meilleure qualit\u00e9 de vie.<\/p>\n\n<h3 class=\"wp-block-heading\">Nos domaines d\u2019intervention<\/h3>\n\n<ul class=\"wp-block-list\">\n<li><strong>\u00c9ducation<\/strong> : appui scolaire, dons de kits et accompagnement des \u00e9l\u00e8ves.<\/li>\n\n<li><strong>Sant\u00e9<\/strong> : campagnes de sensibilisation et soutien m\u00e9dical.<\/li>\n\n<li><strong>Aide humanitaire<\/strong> : dons alimentaires, mat\u00e9riel de premi\u00e8re n\u00e9cessit\u00e9 et appui aux familles.<\/li>\n<\/ul>\n\n<h3 class=\"wp-block-heading\">Nos b\u00e9n\u00e9ficiaires<\/h3>\n\n<p>Nous travaillons aux c\u00f4t\u00e9s des :<\/p>\n\n<ul class=\"wp-block-list\">\n<li>enfants,<\/li>\n\n<li>femmes,<\/li>\n\n<li>communaut\u00e9s rurales,<\/li>\n\n<li>personnes vuln\u00e9rables,<\/li>\n\n<li>et personnes du troisi\u00e8me \u00e2ge.<\/li>\n<\/ul>\n\n<h3 class=\"wp-block-heading\">Nos valeurs<\/h3>\n\n<p>Nous croyons en la <strong>solidarit\u00e9<\/strong> et en l\u2019<strong>\u00e9galit\u00e9<\/strong> comme moteurs d\u2019un monde plus juste.<\/p>\n\n<h3 class=\"wp-block-heading\">R\u00e9alisations<\/h3>\n\n<p>Parmi nos premi\u00e8res actions, la Fondation a organis\u00e9 une <strong>c\u00e9r\u00e9monie de dons<\/strong> de kits scolaires, vivres et mat\u00e9riel bureautique \u00e0 l\u2019\u00e9cole primaire de Yakass\u00e9, dans la commune de Grand-Bassam, Abidjan.<\/p>\n\t\t\t\t\t\t\t\t<\/div>\n\t\t\t\t\t<\/div>\n\t\t\t\t<\/div>\n\t\t\t\t<\/div>\n\t\t","protected":false},"excerpt":{"rendered":"<p>\u00a0 \u00ab Ensemble, semons l\u2019espoir \u00bb Qui sommes-nous ? Cr\u00e9\u00e9e en 2024, la Fondation C\u0153ur de Vie est n\u00e9e de la vision de son pr\u00e9sident, M. Diarra Mahamadou, face aux nombreuses sollicitations de personnes en situation de pr\u00e9carit\u00e9. Conscient qu\u2019il ne pouvait r\u00e9pondre seul \u00e0 ces besoins, il a sollicit\u00e9 le soutien de proches et [&hellip;]<\/p>\n","protected":false},"author":1,"featured_media":0,"parent":0,"menu_order":0,"comment_status":"closed","ping_status":"closed","template":"","meta":{"_monsterinsights_skip_tracking":false,"_monsterinsights_sitenote_active":false,"_monsterinsights_sitenote_note":"","_monsterinsights_sitenote_category":0,"footnotes":""},"class_list":["post-109","page","type-page","status-publish","hentry"],"yoast_head":"<!-- This site is optimized with the Yoast SEO plugin v26.0 - https:\/\/yoast.com\/wordpress\/plugins\/seo\/ -->\n<title>LA FONDATION COEUR DE VIE - FONDATION COEUR DE VIE<\/title>\n<meta name=\"robots\" content=\"index, follow, max-snippet:-1, max-image-preview:large, max-video-preview:-1\" \/>\n<link rel=\"canonical\" href=\"https:\/\/fondationcoeurdevie.org\/?page_id=109\" \/>\n<meta property=\"og:locale\" content=\"fr_FR\" \/>\n<meta property=\"og:type\" content=\"article\" \/>\n<meta property=\"og:title\" content=\"LA FONDATION COEUR DE VIE - FONDATION COEUR DE VIE\" \/>\n<meta property=\"og:description\" content=\"\u00a0 \u00ab Ensemble, semons l\u2019espoir \u00bb Qui sommes-nous ? Cr\u00e9\u00e9e en 2024, la Fondation C\u0153ur de Vie est n\u00e9e de la vision de son pr\u00e9sident, M. Diarra Mahamadou, face aux nombreuses sollicitations de personnes en situation de pr\u00e9carit\u00e9. Conscient qu\u2019il ne pouvait r\u00e9pondre seul \u00e0 ces besoins, il a sollicit\u00e9 le soutien de proches et [&hellip;]\" \/>\n<meta property=\"og:url\" content=\"https:\/\/fondationcoeurdevie.org\/?page_id=109\" \/>\n<meta property=\"og:site_name\" content=\"FONDATION COEUR DE VIE\" \/>\n<meta property=\"article:publisher\" content=\"https:\/\/www.facebook.com\/profile.php?id=61570412416280\" \/>\n<meta property=\"article:modified_time\" content=\"2025-11-04T18:15:44+00:00\" \/>\n<meta name=\"twitter:card\" content=\"summary_large_image\" \/>\n<meta name=\"twitter:label1\" content=\"Dur\u00e9e de lecture estim\u00e9e\" \/>\n\t<meta name=\"twitter:data1\" content=\"2 minutes\" \/>\n<script type=\"application\/ld+json\" class=\"yoast-schema-graph\">{\"@context\":\"https:\/\/schema.org\",\"@graph\":[{\"@type\":\"WebPage\",\"@id\":\"https:\/\/fondationcoeurdevie.org\/?page_id=109\",\"url\":\"https:\/\/fondationcoeurdevie.org\/?page_id=109\",\"name\":\"LA FONDATION COEUR DE VIE - FONDATION COEUR DE VIE\",\"isPartOf\":{\"@id\":\"https:\/\/fondationcoeurdevie.org\/#website\"},\"datePublished\":\"2025-01-09T07:21:24+00:00\",\"dateModified\":\"2025-11-04T18:15:44+00:00\",\"breadcrumb\":{\"@id\":\"https:\/\/fondationcoeurdevie.org\/?page_id=109#breadcrumb\"},\"inLanguage\":\"fr-FR\",\"potentialAction\":[{\"@type\":\"ReadAction\",\"target\":[\"https:\/\/fondationcoeurdevie.org\/?page_id=109\"]}]},{\"@type\":\"BreadcrumbList\",\"@id\":\"https:\/\/fondationcoeurdevie.org\/?page_id=109#breadcrumb\",\"itemListElement\":[{\"@type\":\"ListItem\",\"position\":1,\"name\":\"Accueil\",\"item\":\"https:\/\/fondationcoeurdevie.org\/\"},{\"@type\":\"ListItem\",\"position\":2,\"name\":\"LA FONDATION COEUR DE VIE\"}]},{\"@type\":\"WebSite\",\"@id\":\"https:\/\/fondationcoeurdevie.org\/#website\",\"url\":\"https:\/\/fondationcoeurdevie.org\/\",\"name\":\"FONDATION COEUR DE VIE\",\"description\":\"\",\"publisher\":{\"@id\":\"https:\/\/fondationcoeurdevie.org\/#organization\"},\"potentialAction\":[{\"@type\":\"SearchAction\",\"target\":{\"@type\":\"EntryPoint\",\"urlTemplate\":\"https:\/\/fondationcoeurdevie.org\/?s={search_term_string}\"},\"query-input\":{\"@type\":\"PropertyValueSpecification\",\"valueRequired\":true,\"valueName\":\"search_term_string\"}}],\"inLanguage\":\"fr-FR\"},{\"@type\":\"Organization\",\"@id\":\"https:\/\/fondationcoeurdevie.org\/#organization\",\"name\":\"FONDATION COEUR DE VIE\",\"url\":\"https:\/\/fondationcoeurdevie.org\/\",\"logo\":{\"@type\":\"ImageObject\",\"inLanguage\":\"fr-FR\",\"@id\":\"https:\/\/fondationcoeurdevie.org\/#\/schema\/logo\/image\/\",\"url\":\"https:\/\/fondationcoeurdevie.org\/wp-content\/uploads\/2025\/09\/LOG-FONDATION-1-e1757020099199.jpg\",\"contentUrl\":\"https:\/\/fondationcoeurdevie.org\/wp-content\/uploads\/2025\/09\/LOG-FONDATION-1-e1757020099199.jpg\",\"width\":45,\"height\":45,\"caption\":\"FONDATION COEUR DE VIE\"},\"image\":{\"@id\":\"https:\/\/fondationcoeurdevie.org\/#\/schema\/logo\/image\/\"},\"sameAs\":[\"https:\/\/www.facebook.com\/profile.php?id=61570412416280\"]}]}<\/script>\n<!-- \/ Yoast SEO plugin. -->","yoast_head_json":{"title":"LA FONDATION COEUR DE VIE - FONDATION COEUR DE VIE","robots":{"index":"index","follow":"follow","max-snippet":"max-snippet:-1","max-image-preview":"max-image-preview:large","max-video-preview":"max-video-preview:-1"},"canonical":"https:\/\/fondationcoeurdevie.org\/?page_id=109","og_locale":"fr_FR","og_type":"article","og_title":"LA FONDATION COEUR DE VIE - FONDATION COEUR DE VIE","og_description":"\u00a0 \u00ab Ensemble, semons l\u2019espoir \u00bb Qui sommes-nous ? Cr\u00e9\u00e9e en 2024, la Fondation C\u0153ur de Vie est n\u00e9e de la vision de son pr\u00e9sident, M. Diarra Mahamadou, face aux nombreuses sollicitations de personnes en situation de pr\u00e9carit\u00e9. Conscient qu\u2019il ne pouvait r\u00e9pondre seul \u00e0 ces besoins, il a sollicit\u00e9 le soutien de proches et [&hellip;]","og_url":"https:\/\/fondationcoeurdevie.org\/?page_id=109","og_site_name":"FONDATION COEUR DE VIE","article_publisher":"https:\/\/www.facebook.com\/profile.php?id=61570412416280","article_modified_time":"2025-11-04T18:15:44+00:00","twitter_card":"summary_large_image","twitter_misc":{"Dur\u00e9e de lecture estim\u00e9e":"2 minutes"},"schema":{"@context":"https:\/\/schema.org","@graph":[{"@type":"WebPage","@id":"https:\/\/fondationcoeurdevie.org\/?page_id=109","url":"https:\/\/fondationcoeurdevie.org\/?page_id=109","name":"LA FONDATION COEUR DE VIE - FONDATION COEUR DE VIE","isPartOf":{"@id":"https:\/\/fondationcoeurdevie.org\/#website"},"datePublished":"2025-01-09T07:21:24+00:00","dateModified":"2025-11-04T18:15:44+00:00","breadcrumb":{"@id":"https:\/\/fondationcoeurdevie.org\/?page_id=109#breadcrumb"},"inLanguage":"fr-FR","potentialAction":[{"@type":"ReadAction","target":["https:\/\/fondationcoeurdevie.org\/?page_id=109"]}]},{"@type":"BreadcrumbList","@id":"https:\/\/fondationcoeurdevie.org\/?page_id=109#breadcrumb","itemListElement":[{"@type":"ListItem","position":1,"name":"Accueil","item":"https:\/\/fondationcoeurdevie.org\/"},{"@type":"ListItem","position":2,"name":"LA FONDATION COEUR DE VIE"}]},{"@type":"WebSite","@id":"https:\/\/fondationcoeurdevie.org\/#website","url":"https:\/\/fondationcoeurdevie.org\/","name":"FONDATION COEUR DE VIE","description":"","publisher":{"@id":"https:\/\/fondationcoeurdevie.org\/#organization"},"potentialAction":[{"@type":"SearchAction","target":{"@type":"EntryPoint","urlTemplate":"https:\/\/fondationcoeurdevie.org\/?s={search_term_string}"},"query-input":{"@type":"PropertyValueSpecification","valueRequired":true,"valueName":"search_term_string"}}],"inLanguage":"fr-FR"},{"@type":"Organization","@id":"https:\/\/fondationcoeurdevie.org\/#organization","name":"FONDATION COEUR DE VIE","url":"https:\/\/fondationcoeurdevie.org\/","logo":{"@type":"ImageObject","inLanguage":"fr-FR","@id":"https:\/\/fondationcoeurdevie.org\/#\/schema\/logo\/image\/","url":"https:\/\/fondationcoeurdevie.org\/wp-content\/uploads\/2025\/09\/LOG-FONDATION-1-e1757020099199.jpg","contentUrl":"https:\/\/fondationcoeurdevie.org\/wp-content\/uploads\/2025\/09\/LOG-FONDATION-1-e1757020099199.jpg","width":45,"height":45,"caption":"FONDATION COEUR DE VIE"},"image":{"@id":"https:\/\/fondationcoeurdevie.org\/#\/schema\/logo\/image\/"},"sameAs":["https:\/\/www.facebook.com\/profile.php?id=61570412416280"]}]}},"_links":{"self":[{"href":"https:\/\/fondationcoeurdevie.org\/index.php?rest_route=\/wp\/v2\/pages\/109","targetHints":{"allow":["GET"]}}],"collection":[{"href":"https:\/\/fondationcoeurdevie.org\/index.php?rest_route=\/wp\/v2\/pages"}],"about":[{"href":"https:\/\/fondationcoeurdevie.org\/index.php?rest_route=\/wp\/v2\/types\/page"}],"author":[{"embeddable":true,"href":"https:\/\/fondationcoeurdevie.org\/index.php?rest_route=\/wp\/v2\/users\/1"}],"replies":[{"embeddable":true,"href":"https:\/\/fondationcoeurdevie.org\/index.php?rest_route=%2Fwp%2Fv2%2Fcomments&post=109"}],"version-history":[{"count":5,"href":"https:\/\/fondationcoeurdevie.org\/index.php?rest_route=\/wp\/v2\/pages\/109\/revisions"}],"predecessor-version":[{"id":1105,"href":"https:\/\/fondationcoeurdevie.org\/index.php?rest_route=\/wp\/v2\/pages\/109\/revisions\/1105"}],"wp:attachment":[{"href":"https:\/\/fondationcoeurdevie.org\/index.php?rest_route=%2Fwp%2Fv2%2Fmedia&parent=109"}],"curies":[{"name":"wp","href":"https:\/\/api.w.org\/{rel}","templated":true}]}}